{"id":132,"date":"2013-02-22T17:23:38","date_gmt":"2013-02-22T15:23:38","guid":{"rendered":"http:\/\/www.institutfuerzeitgenossenschaft.de\/?page_id=132"},"modified":"2024-10-23T12:47:34","modified_gmt":"2024-10-23T10:47:34","slug":"aktuelles","status":"publish","type":"page","link":"https:\/\/www.ifz-international.de\/","title":{"rendered":"Aktuell"},"content":{"rendered":"<p><strong>02.06.2020 | Cinique &#8211; Ein Filmkritik-Format, das nie in Serie ging<\/strong><\/p>\n<p>Selbst f\u00fcr die treuesten Wegbegleiter des IFZ mag es \u00fcberraschend sein zu h\u00f6ren, dass das Institut vor nicht gerade wenigen Jahren, genauer gesagt ab April 2015, auf dem H\u00f6hepunkt seiner transmedialen Forschungsarbeit, in Kooperation mit verschiedenen Akteuren der Medienwelt an unterschiedlichsten Film- und Fernsehformaten arbeitete. Neben einer eigenen abendf\u00fcllenden Talk- und Unterhaltungsshow, die begleitend zum gleichnamigen Buch unter dem Titel &#8222;Die 100 wichtigsten Dinge&#8220; \u00fcber die Sender laufen sollte, nahm man in dieser Zeit auch Kontakt zum mittlerweile renommierten Filmkritiker Wolfgang M. Schmitt auf, der dem IFZ durch seine konzisen wie brillanten <a href=\"https:\/\/www.youtube.com\/channel\/UCN29LJGZ8FY30ysxdTnDsaw\">Filmanalysen<\/a> ins Auge gefallen war. Da man sofort das Potenzial des damals noch relativ unbekannten Schmitt registriert hatte, wurde ihm sogleich eine Stelle als assoziierter Fellow am Institut offeriert und eine intensivere Zusammenarbeit in Aussicht gestellt; denn man hatte selbstverst\u00e4ndlich mehr als zuvor erkannt: Filmkritik ist die Zukunft!<\/p>\n<p>Die Gunst der Stunde nutzend, erarbeitete die Frau und Gleichstellungsbeauftragte des IFZ, Samira El Ouassil, den ersten Entwurf f\u00fcr ein hauseigenes Filmkritik-Format, das den vielversprechenden Arbeitstitel CINIQUE trug. Noch vor einer Verfeinerung dieser ersten Konzeption wurde gemeinsam mit Wolfgang M. Schmitt an nur einem Tag ein Trailer f\u00fcr die zu diesem Zeitpunkt schon sehr verhei\u00dfungsvollen\u00a0Produktion gedreht, der daraufhin die Chefs der einschl\u00e4gigen Sender begeistern sollte.<\/p>\n<p>Wie vermutlich nicht nur die treuesten Wegbegleiter des IFZ wissen, ist auch aus diesem Vorhaben, das mit so viel Verve, Elan und Esprit begann, letztendlich nichts geworden. Aber immerhin tauchte nun nach einer langen Phase der Verdr\u00e4ngung endlich wieder dieser Trailer auf, der selbst wie kein anderer Zeuge von dieser aufregenden Epoche des Instituts f\u00fcr Zeitgenossenschaft berichten kann.<\/p>\n<p><iframe loading=\"lazy\" src=\"\/\/player.vimeo.com\/video\/419838717?byline=0&amp;portrait=0\" width=\"800\" height=\"450\" frameborder=\"0\"><\/iframe><\/p>\n<p><strong>08.09.2017 | SOMEONE LIKE ME | EP-Release<\/strong>,\u00a0<em>22.08.2017<\/em><\/p>\n<p>Wie Sie wissen, sind alle Mitglieder unseres Instituts sehr musikalisch. Wann immer es m\u00f6glich ist, bringen wir gemeinsame Erlebnisse und Forschungsergebnisse in eine akustische Form. Was dabei j\u00fcngst herausgekommen ist, h\u00f6rt sich nun nach der Musik an, die wir selbst auch m\u00f6gen \u2013 inspiriert von filmischen Soundtracks, Crooning, US-Slowcore oder Dreampop erscheint am 8.9.2017 die EP SOMEONE LIKE ME der hauseigenen Band KUMMER. Diese kann ab jetzt vorbestellt werden!<\/p>\n<p><a href=\"http:\/\/www.ifz-international.de\/wp-content\/uploads\/2018\/01\/Kummer-Someone-Like-Me.jpg\"><img decoding=\"async\" class=\"alignnone size-full wp-image-366\" src=\"http:\/\/www.ifz-international.de\/wp-content\/uploads\/2018\/01\/Kummer-Someone-Like-Me.jpg\" alt=\"Kummer - Someone Like Me\" width=\"400px\" \/><\/a><\/p>\n<p><strong>Vortragsbericht: Bargespr\u00e4ch &#8222;Die 100 wichtigsten Dinge&#8220; in der Kolonnaden Bar auf der Museumsinsel Berlin<\/strong>,\u00a0<em>04.08.2017<\/em><\/p>\n<p>Auf Einladung der &#8218;Staatlichen Museen zu Berlin \u2013 Preu\u00dfischer Kulturbesitz&#8216; pr\u00e4sentierte das IFZ am 3.8.2017 in der Kolonnaden Bar auf der Museumsinsel in einem gem\u00fctlichen wie erkenntnisreichen Beisammensein neueste Forschungsergebnisse. Nach einer umfassenden Auseinandersetzung mit den Exponaten der hiesigen Museen setzte das Institut die 100 wichtigsten Dinge in Relation zu Koranst\u00e4ndern, griechischen Klappspiegeln, Greifenprotomen, Poloreiterflaschen, Sutren, Gewichtsteinen, Karneolperlen, Nofreteten.<br \/>\nDank dieses fruchtbaren Austauschs mit der staatlichen Objekt-Wirklichkeit ist eine Kooperation in Planung, die bereits ab Januar 2018 starten k\u00f6nnte, um pr\u00e4zise wie nachhaltige Ans\u00e4tze f\u00fcr das Erfassen des Zusammenspiels von Exposition, Sammlung, Hierarchie, Technologie und \u00d6konomie einer globalen Museumsgesellschaft zu finden.<\/p>\n<p>Weitere Infos: <a title=\"Kolonnaden Bar\" href=\"http:\/\/www.smb.museum\/veranstaltungen\/detail\/kolonnaden-bar.html\">Kolonnaden Bar<\/a><\/p>\n<p><a href=\"http:\/\/www.ifz-international.de\/wp-content\/uploads\/2018\/01\/Kolonnaden-Bar-1-.jpg\"><img decoding=\"async\" class=\"alignnone size-full wp-image-366\" src=\"http:\/\/www.ifz-international.de\/wp-content\/uploads\/2018\/01\/Kolonnaden-Bar-1-.jpg\" alt=\"IFZ Kolonnaden Bar\" width=\"800px\" \/><\/a><br \/>\n\u00a9 Holm Friebe<br \/>\n<a href=\"http:\/\/www.ifz-international.de\/wp-content\/uploads\/2018\/01\/Kolonnaden-Bar-2.jpg\"><img decoding=\"async\" class=\"alignnone size-full wp-image-366\" src=\"http:\/\/www.ifz-international.de\/wp-content\/uploads\/2018\/01\/Kolonnaden-Bar-2.jpg\" alt=\"IFZ Kolonnaden Bar2\" width=\"800px\" \/><\/a><br \/>\n\u00a9 IFZ<\/p>\n<p><strong>Lecture Performance: Die 100 wichtigsten Dinge | 03.08.2017 in der Kolonnaden Bar, Berlin<\/strong>,\u00a0<em>15.07.2017<\/em><\/p>\n<p>Jeden Donnerstag vom 29.6. \u2013 17.8.2017 ist von 19 \u2013 22 Uhr die Kolonnaden Bar im Kolonnadenhof vor der Alten Nationalgalerie ge\u00f6ffnet. Von einem K\u00fcnstler speziell f\u00fcr diesen Ort konzipiert, vereint sie unter freiem Himmel alles, was eine Bar ausmacht: lockeres Beisammensein, kalte Getr\u00e4nke und anregende Gespr\u00e4che. F\u00fcr manche beginnt hier eine lange Nacht, f\u00fcr andere wird es ein entspannter Ausklang an einem der sch\u00f6nsten Orte Berlins. Jeder Abend an der Bar beginnt mit einer einst\u00fcndigen Aktion, die sich auf kurzweilige Art der Museumsinsel und ihren Sammlungen widmet.<\/p>\n<p>Am 3.8.2017 wird das Institut f\u00fcr Zeitgenossenschaft IFZ zu Gast sein und kl\u00e4ren, inwieweit die Dinge, die auf der Museumsinsel angesammelt wurden, als &#8218;wichtige&#8216; bezeichnet werden k\u00f6nnen. Mit seinem Buch \u201cDie 100 wichtigsten Dinge\u201d hat das IFZ das unumstritten erste Werk vorgelegt, mit dem unsere komplizierte Wirklichkeit auf eine \u00fcbersichtliche Weise geordnet und auf das Wesentliche reduziert werden konnte. Bis heute stellt dieses Kompendium den genauesten Leitfaden zur Orientierung in unserer heutigen Museumsgesellschaft dar. An dieser Expertise wird es auch an diesem besonderen Abend nicht mangeln.<\/p>\n<p>Der Eintritt ist frei.<br \/>\nDie Kolonnaden Bar hat auch bei Regen ge\u00f6ffnet. Der Standort unter den Kolonnaden ist \u00fcberdacht.<\/p>\n<p>Weitere Infos: <a title=\"Kolonnaden Bar\" href=\"http:\/\/www.smb.museum\/veranstaltungen\/detail\/kolonnaden-bar.html\">Kolonnaden Bar<\/a><\/p>\n<p><a href=\"http:\/\/www.ifz-international.de\/wp-content\/uploads\/2017\/07\/Kolonnaden-Bar.jpg\"><img decoding=\"async\" class=\"alignnone size-full wp-image-366\" src=\"http:\/\/www.ifz-international.de\/wp-content\/uploads\/2017\/07\/Kolonnaden-Bar.jpg\" alt=\"Kolonnaden Bar\" width=\"800px\" \/><\/a><\/p>\n<p><strong>Die 100 wichtigsten Dinge | ab 19.03.2017 im Kreismuseum Peine<\/strong>,\u00a0<em>14.03.2017<\/em><\/p>\n<p>Ab Sonntag, den 19.3.2017, pr\u00e4sentiert das <a title=\"Kreismuseum Peine\" href=\"http:\/\/kreismuseum-peine.de\/programm.php?cat=1\">Kreismuseum Peine<\/a> erstmals alle 100 wichtigsten Dinge live und zum Greifen nahe in einem musealen Kontext! Hier werden nicht die Fotos, sondern die Dinge selbst zu sehen sein. Nach langer Recherche wurde das Kreismuseum Peine f\u00fcr diese Premiere auserw\u00e4hlt, da es das einzige Museum ist, in das die 100 Dinge genau reinpassen!<br \/>\nZur Er\u00f6ffnung wird Direktor M\u00fchlenberg um Punkt 11:30h ein bisher unver\u00f6ffentlichtes Gedicht von Heinrich Peine re\u00adzi\u00adtie\u00adren. F\u00fchlen Sie sich eingeladen!<\/p>\n<p><a href=\"http:\/\/www.ifz-international.de\/wp-content\/uploads\/2017\/04\/Kreismuseum-Peine.jpg\"><img decoding=\"async\" class=\"alignnone size-full wp-image-366\" src=\"http:\/\/www.ifz-international.de\/wp-content\/uploads\/2017\/04\/Kreismuseum-Peine.jpg\" alt=\"Kreismuseum Peine\" width=\"800px\" \/><\/a><\/p>\n<p><a href=\"http:\/\/www.ifz-international.de\/wp-content\/uploads\/2017\/03\/Kreismuseum-Peine.jpg\"><img decoding=\"async\" class=\"alignnone size-full wp-image-519\" src=\"http:\/\/www.ifz-international.de\/wp-content\/uploads\/2017\/03\/Kreismuseum-Peine.jpg\" alt=\"Kreismuseum Peine\" width=\"800\" \/><\/a><\/p>\n<p><strong>Gute Gewinner! The beauty and the book award | Frankfurter Buchmesse 2016<\/strong>,\u00a0<em>23.10.2016<\/em><\/p>\n<p>Das IFZ nimmt mit dem <a title=\"Beauty and the book award\" href=\"http:\/\/www.beautyandbook.com\" target=\"_blank\" rel=\"noopener noreferrer\">THE BEAUTY AND THE BOOK AWARD<\/a>\u00a0den wichtigsten Preis der Buchmesse entgegen.<br \/>\nGro\u00dfer Dank geb\u00fchrt unseren Gestaltern von\u00a0<a title=\"Langesommer\" href=\"http:\/\/langesommer.de\/\" target=\"_blank\" rel=\"noopener noreferrer\">Langesommer<\/a>, dem <a title=\"Hatje Cantz\" href=\"http:\/\/www.hatjecantz.de\/\" target=\"_blank\" rel=\"noopener noreferrer\">Hatje Cantz Verlag<\/a>, dem <a title=\"Im Erscheinen Verlag\" href=\"http:\/\/www.im-erscheinen.com\/\" target=\"_blank\" rel=\"noopener noreferrer\">Im Erscheinen Verlag<\/a>,<br \/>\nder <a title=\"Stiftung Buchkunst\" href=\"http:\/\/www.stiftung-buchkunst.de\/\">Stiftung Buchkunst<\/a> und der <a title=\"Frankfurter Buchmesse\" href=\"http:\/\/www.buchmesse.de\/\">Frankfurter Buchmesse<\/a>.<\/p>\n<p>Herzlichsten Dank nat\u00fcrlich auch an alle, die f\u00fcr uns online und offline abgestimmt haben!<br \/>\nEs freut uns sehr, dass durch diesen Preis auch die Sch\u00f6nheit unseres Projekts erkannt und gew\u00fcrdigt wurde!<\/p>\n<p><a href=\"http:\/\/www.ifz-international.de\/wp-content\/uploads\/2016\/10\/Beauty.jpg\"><img decoding=\"async\" class=\"alignnone size-full wp-image-519\" src=\"http:\/\/www.ifz-international.de\/wp-content\/uploads\/2016\/10\/Beauty.jpg\" alt=\"The Beauty and the Book Award\" width=\"800\" \/><\/a><\/p>\n<p><strong>Summa cum Shortlist! The beauty and the book award | Frankfurter Buchmesse 2016<\/strong>,\u00a0<em>04.10.2016<\/em><\/p>\n<p><a title=\"Stiftung Buchkunst\" href=\"http:\/\/www.stiftung-buchkunst.de\/\">Stiftung Buchkunst<\/a> und <a title=\"Frankfurter Buchmesse\" href=\"http:\/\/www.buchmesse.de\/\">Frankfurter Buchmesse<\/a> habe im Rahmen des renommierten <a title=\"Beauty and the book award\" href=\"http:\/\/www.beautyandbook.com\" target=\"_blank\" rel=\"noopener noreferrer\">THE BEAUTY AND THE BOOK AWARD<\/a> einen Publikumspreis f\u00fcr das oberfl\u00e4chlich sch\u00f6nste Buch 2016 ausgelobt.<br \/>\nHerzlichsten Dank an all die \u00e4sthetisch geschulten Augen und kollegial geschulten Unterst\u00fctzer, die uns zum 1. Platz in der Kategorie &#8222;Fotobuch&#8220; verholfen haben! Tiefste Verbundenheit f\u00fcr diese \u00fcberraschende Reputation!<br \/>\nNun kann auf der Frankfurter Buchmesse aus den letzten 10 Publikationen verschiedener Kategorien f\u00fcr die aller aller sch\u00f6nste abgestimmt werden.<\/p>\n<p>Please vote and make books great again!<\/p>\n<p>Back to Frankfurt!<br \/>\nWir sehen uns auf der Buchmesse!<br \/>\nAuch der <a title=\"Hatje Cantz\" href=\"http:\/\/www.hatjecantz.de\/\" target=\"_blank\" rel=\"noopener noreferrer\">Hatje Cantz Verlag<\/a>, der <a title=\"Im Erscheinen Verlag\" href=\"http:\/\/www.im-erscheinen.com\/\" target=\"_blank\" rel=\"noopener noreferrer\">Im Erscheinen Verlag<\/a> und unsere Gestalter von <a title=\"Langesommer\" href=\"http:\/\/langesommer.de\/\" target=\"_blank\" rel=\"noopener noreferrer\">Langesommer<\/a> sind dabei!<br \/>\nMeet &amp; Greet!<\/p>\n<p><a href=\"http:\/\/www.ifz-international.de\/wp-content\/uploads\/2016\/10\/beautyaward_shortlist.png\"><img decoding=\"async\" class=\"alignnone size-full wp-image-519\" src=\"http:\/\/www.ifz-international.de\/wp-content\/uploads\/2016\/10\/beautyaward_shortlist.png\" alt=\"Logo SFB\" width=\"500\" \/><\/a><\/p>\n<p><strong>SFB001 \u201cThomas Temme\u201d:\u00a0<\/strong><strong>GESUNDES WISSEN UND KRANKES<\/strong>,\u00a0<em>20.06.2016<\/em><\/p>\n<p>Mit der Etablierung des <a title=\"SFB001 &quot;Thomas Temme&quot;\" href=\"http:\/\/www.ifz-international.de\/?page_id=610\">SFB001 \u201cThomas Temme\u201c<\/a> geht das Institut f\u00fcr Zeitgenossenschaft IFZ nach der erfolgreichen Integrierung der Viertmittelforschung in sein Forschungsprojekt\u00a0<a title=\"Die 100 wichtigsten Dinge\" href=\"http:\/\/www.ifz-international.de\/?page_id=39\" target=\"_blank\" rel=\"noopener noreferrer\">Die 100 wichtigsten Dinge<\/a>\u00a0erneut neue Wege der Wissenschaftsfinanzierung. Der SFB001 ist innerhalb der Privatmittelforschung der unumstritten privateste Sonderforschungsbereich der jemals ins Leben gerufen wurde.<\/p>\n<p><a href=\"http:\/\/www.ifz-international.de\/wp-content\/uploads\/2016\/06\/Logo-SFB1.jpg\"><img decoding=\"async\" class=\"alignnone size-full wp-image-519\" src=\"http:\/\/www.ifz-international.de\/wp-content\/uploads\/2016\/06\/Logo-SFB1.jpg\" alt=\"Logo SFB\" width=\"800\" \/><\/a><\/p>\n<p><b>SHORTLIST! Die Sch\u00f6nsten deutschen B\u00fccher 2016,<\/b>\u00a0<em>30.05.2016<\/em><\/p>\n<p>Je shorter die Liste, desto sch\u00f6ner die B\u00fccher!<\/p>\n<p>Das IFZ gratuliert sich zu einem Platz unter den 15 sch\u00f6nsten Publikationen 2016 in der Kategorie &#8222;Wissenschaftliche B\u00fccher, Fachb\u00fccher, Schulb\u00fccher, Sachb\u00fccher&#8220;. Shortlist!<\/p>\n<p>Herzlichen Dank an die Jury und <a href=\"http:\/\/www.stiftung-buchkunst.de\/\">Stiftung Buchkunst<\/a>,\u00a0an unseren Verlag <a href=\"http:\/\/www.hatjecantz.de\/die-100-wichtigsten-dinge-6672-1.html\">Hatje Cantz<\/a>\u00a0und vor allem an unsere visuellen Freunde vom Atelier f\u00fcr Grafikdesign und Typografie <a href=\"http:\/\/langesommer.de\/die-100-wichtigsten-dinge\/\">Langesommer<\/a>,\u00a0ohne die <em>Die 100 wichtigste Dinge<\/em>\u00a0nur Fotografien mit Texten\u00a0und viel weniger sch\u00f6n w\u00e4ren.<\/p>\n<p><a href=\"http:\/\/www.ifz-international.de\/wp-content\/uploads\/2016\/05\/Shortlist-Buchkunst.jpg\"><img decoding=\"async\" class=\"alignnone size-full wp-image-519\" src=\"http:\/\/www.ifz-international.de\/wp-content\/uploads\/2016\/05\/Shortlist-Buchkunst.jpg\" alt=\"Shortlist Stiftung Buchkunst\" width=\"800\" \/><\/a><br \/>\n<b>Buchpremiere | Die 100 wichtigsten Dinge,<\/b>\u00a0<em>01.04.2016<\/em><\/p>\n<p>Das erste Buch der letzten Wahrheiten!<\/p>\n<p>Nach intensiver Recherche und Analyse zeigt sich das Institut f\u00fcr Zeitgenossenschaft IFZ (eines der beliebtesten Institute des Jahres 2015) endlich wieder einmal in der \u00d6ffentlichkeit und pr\u00e4sentiert in der wunderbaren Bar Babette auf der Karl-Marx-Allee in Berlin sein umfassendes Grundlagenwerk &#8222;Die 100 wichtigsten Dinge&#8220;. Premiere!<\/p>\n<p>Das Institut f\u00fcr Zeitgenossenschaft IFZ l\u00e4dt ein zu einem Abend voller Lesung und Leidenschaft. Alle seine Mitglieder sind anwesend und freuen sich.<\/p>\n<p>Freitag, 01.04.2016<br \/>\n20:00 Uhr<br \/>\nBar Babette<br \/>\nKarl-Marx-Allee 36<br \/>\n10178 Berlin<\/p>\n<p><a href=\"http:\/\/www.ifz-international.de\/wp-content\/uploads\/2013\/02\/mischalorenz_ifzb.jpg\"><img decoding=\"async\" class=\"alignnone size-full wp-image-519\" src=\"http:\/\/www.ifz-international.de\/wp-content\/uploads\/2013\/02\/mischalorenz_ifzb.jpg\" alt=\"Die 100 wichtigsten Dinge\" width=\"800\" \/><\/a><\/p>\n<p><b>DIE 100 WICHTIGSTEN DINGE,<\/b>\u00a0<em>01.12.2015<\/em><\/p>\n<p>Ab dem 16. Dezember in jedem Buchladen und bei jedem Versandhandel, aber vor allem und am besten direkt \u00fcber uns!<br \/>\nSichern Sie sich jetzt das perfekte Weihnachtsgeschenk 2015, Auslieferung vor dem 24. Dezember wird garantiert!<\/p>\n<p>Schon jetzt vorbestellen unter: kontakt@ifz-international.de<\/p>\n<p>Weitere Informationen auf den Seiten unseres innig geliebten Hatje Cantz Verlags:<br \/>\n<a href=\"http:\/\/www.hatjecantz.de\/die-100-wichtigsten-dinge-6672-0.html\" target=\"_blank\" rel=\"noopener noreferrer\">Die 100 wichtigsten Dinge | Hatje Cantz<\/a><\/p>\n<p><a href=\"http:\/\/www.ifz-international.de\/wp-content\/uploads\/2015\/12\/buch-web.jpg\"><img decoding=\"async\" class=\"alignnone size-full wp-image-519\" src=\"http:\/\/www.ifz-international.de\/wp-content\/uploads\/2015\/12\/buch-web.jpg\" alt=\"Die 100 wichtigsten Dinge\" width=\"800\" \/><\/a><\/p>\n<p><b>Neues Projekt in Kolumbien,<\/b>\u00a0<em>02.08.2015<\/em><\/p>\n<p>F\u00fcr einen schon jetzt mitrei\u00dfenden Dokumentarfilm \u00fcber die (vor allem) Lichtseiten des Boxsports begleitet das Institut den deutschen WBF-Weltmeister im Super-Mittelgewicht Ben Donfack zu seiner erneuten Titelverteidigung gegen Alex Brand in Bogot\u00e1, Kolumbien.<\/p>\n<p><a href=\"http:\/\/www.ifz-international.de\/wp-content\/uploads\/2013\/02\/mischalorenz_bendonfack.jpg\"><img decoding=\"async\" class=\"alignnone size-full wp-image-519\" src=\"http:\/\/www.ifz-international.de\/wp-content\/uploads\/2013\/02\/mischalorenz_bendonfack.jpg\" alt=\"niwakinuniha\" width=\"800\" \/><\/a><\/p>\n<p><b>Personalverwaltung,<\/b> <em>14.07.2015<\/em><\/p>\n<p>Mit sofortiger Wirkung arbeitet Wolfgang M. Schmitt jun. als Unabh\u00e4ngiger Berater f\u00fcr das Institut f\u00fcr Zeitgenossenschaft.<\/p>\n<p><a href=\"http:\/\/www.ifz-international.de\/wp-content\/uploads\/2015\/07\/mischalorenz_WMSJ.jpg\"><img decoding=\"async\" class=\"alignnone size-full wp-image-519\" src=\"http:\/\/www.ifz-international.de\/wp-content\/uploads\/2015\/07\/mischalorenz_WMSJ.jpg\" alt=\"niwakinuniha\" width=\"800\" \/><\/a><\/p>\n<p><b>Neue Kooperation mit S\u00fcdostasien,<\/b> <em>01.06.2015<\/em><\/p>\n<p>Nach dem gro\u00dfen Erfolg der vietnamesischen und japanischen Version unseres Kurzfilms &#8218;Der Andaluse von K\u00f6penick&#8216; kooperiert das Institut f\u00fcr Zeitgenossenschaft k\u00fcnftig auf dem s\u00fcdostasiatischen Markt mit der Produktionsfirma NI WA KINU NI HA Inc. &#8211; weitere Details in K\u00fcrze.<\/p>\n<p>Hier die offizielle Verlautbarung.<br \/>\n<a href=\"http:\/\/www.niwakinuniha.com\/\">www.niwakinuniha.com\/<\/a><\/p>\n<p><a href=\"http:\/\/www.ifz-international.de\/wp-content\/uploads\/2013\/02\/Bildschirmfoto-2015-06-01-um-13.08.54.jpg\"><img decoding=\"async\" class=\"alignnone size-full wp-image-519\" src=\"http:\/\/www.ifz-international.de\/wp-content\/uploads\/2013\/02\/Bildschirmfoto-2015-06-01-um-13.08.54.jpg\" alt=\"niwakinuniha\" width=\"800\" srcset=\"https:\/\/www.ifz-international.de\/wp-content\/uploads\/2013\/02\/Bildschirmfoto-2015-06-01-um-13.08.54.jpg 1911w, https:\/\/www.ifz-international.de\/wp-content\/uploads\/2013\/02\/Bildschirmfoto-2015-06-01-um-13.08.54-300x168.jpg 300w, https:\/\/www.ifz-international.de\/wp-content\/uploads\/2013\/02\/Bildschirmfoto-2015-06-01-um-13.08.54-1024x573.jpg 1024w\" sizes=\"(max-width: 1911px) 100vw, 1911px\" \/><\/a><\/p>\n<p><b>Die L\u00fccken der Logistik, <\/b><em>21.05.2015<\/em><\/p>\n<p>Nun ist es offiziell &#8211; das Institut f\u00fcr Zeitgenossenschaft und die Riege Software International GmbH machen fortan gemeinsame Sache in der Logistik-Branche und erobern die internationalen Gew\u00e4sser.<\/p>\n<p>In dem gr\u00f6\u00dften Kunst- und Cargo-Event des 21. Jahrhunderts schicken wir s\u00e4mtliche Exponate von &#8218;Die 100 Wichtigsten Dinge&#8216; zu Land, zu Wasser und in der Luft einmal rund um den Globus. Von Singapur nach Manhattan, von Mogadishu nach Bethlehem (Pennsylvania) und wieder zur\u00fcck &#8211; in den L\u00fccken der Logistik.<\/p>\n<p>Zum ersten Mal in der Geschichte vereinen sich Wissenschaft, Kunst und Logistik in einer Gr\u00f6\u00dfenordnung, die z\u00e4hlt.<\/p>\n<p><a href=\"http:\/\/www.riege.com\/de\/100dinge\">www.riege.com\/de\/100dinge<\/a><\/p>\n<p><a href=\"&quot;http:\/\/www.ifz-international.de\/wp-content\/uploads\/2013\/02\/samira_logistik_fb.jpg\"><img decoding=\"async\" class=\"alignnone size-full wp-image-443\" src=\"http:\/\/www.ifz-international.de\/wp-content\/uploads\/2013\/02\/samira_logistik_fb.jpg\" alt=\"mischalorenz_nyt\" width=\"800\" \/><\/a><\/p>\n<p style=\"text-align: left;\"><strong><br \/>\nDer Andaluse von K\u00f6penick &#8211; Die Filmanalyse, <\/strong><em>20.03.2015<\/em><\/p>\n<p>Nach dem \u00fcberraschenden Sensationserfolg von &#8218;Der Andaluse von K\u00f6penick&#8216; widmet sich auch der Literaturwissenschaftler und Kritiker Wolfgang M. Schmitt jun. dem mehrfach preisgekr\u00f6nten Meisterwerk aus dem Hause IFZ. In einer messerscharfen Analyse diagnostiziert Schmitt &#8211; pointiert wie stets &#8211; das Ende vom Ende der Moderne.<\/p>\n<p><iframe loading=\"lazy\" src=\"\/\/player.vimeo.com\/video\/122339227?byline=0&amp;portrait=0\" width=\"800\" height=\"450\" frameborder=\"0\"><\/iframe><\/p>\n<p style=\"text-align: left;\"><strong><br \/>\nRafael Horzon &#8211; Die 100 Wichtigsten Dinge &#8211; Brett, <\/strong><em>20.02.2015<\/em><\/p>\n<p><iframe loading=\"lazy\" src=\"\/\/player.vimeo.com\/video\/114758354?byline=0&amp;portrait=0\" width=\"800\" height=\"450\" frameborder=\"0\"><\/iframe><\/p>\n<p style=\"text-align: left;\"><strong><br \/>\nDer Andaluse von K\u00f6penick, <\/strong><em>05.02.2015<\/em><\/p>\n<p>Das IFZ dreht Filme. Der erste vom IFZ produzierte Kurzfilm hat es auf Anhieb ins Finale des gr\u00f6\u00dften Kurzfilmfestivals der Welt (!) gebracht. Hier sehen Sie <em>Der Andaluse von K\u00f6penick<\/em> in der Originalversion.<br \/>\nDa es u.a. einen Publikumspreis gibt, k\u00f6nnen und d\u00fcrfen Sie unter folgendem Link insgesamt 9 Stimmen f\u00fcr Ihren Lieblingsfilm (unseren Film) abgeben: <a href=\"http:\/\/www.myvideo.de\/aktion\/99fire-films-2015?videoId=11693461\">99Fire-Films Award 2015<\/a><\/p>\n<p>&#8218;Ich kann beim besten Willen kein Hashtag entdecken!&#8216;<\/p>\n<p><iframe loading=\"lazy\" src=\"\/\/player.vimeo.com\/video\/117784996?byline=0&amp;portrait=0\" width=\"800\" height=\"450\" frameborder=\"0\"><\/iframe><\/p>\n<p style=\"text-align: left;\"><strong><br \/>\nClaudius Seidl &#8211; Die 100 Wichtigsten Dinge &#8211; Serviette, <\/strong><em>10.01.2015<\/em><\/p>\n<p>Der Publizist, Filmkritiker und Feuilleton-Chef der Frankfurter Allgemeinen Sonntagszeitung schreibt f\u00fcr das Institut f\u00fcr Zeitgenossenschaft und Die 100 Wichtigsten Dinge \u00fcber &#8218;Serviette&#8216;.<br \/>\nUnterst\u00fctzen Sie jetzt Die 100 Wichtigsten Dinge mit Ihrem Kapital: <a href=\"http:\/\/www.startnext.de\/100dinge\">startnext.de\/100dinge<\/a><\/p>\n<p><iframe loading=\"lazy\" src=\"\/\/player.vimeo.com\/video\/116149432?byline=0&amp;portrait=0\" width=\"800\" height=\"450\" frameborder=\"0\"><\/iframe><\/p>\n<p style=\"text-align: left;\"><strong><br \/>\nDie 100 Wichtigsten Dinge &#8211; Crowdfunding, <\/strong><em>01.12.2014<\/em><\/p>\n<p>Das Institut f\u00fcr Zeitgenossenschaft hat Die 100 Wichtigsten Dinge gefunden! Mit 100 detaillierten Fotografien und 100 erkl\u00e4renden Texten hat das IFZ die Welt sortiert und ebenso neue wie verbl\u00fcffende wissenschaftliche Erkenntnisse gesammelt. Diese Forschungsarbeit soll nun endlich in einem wundersch\u00f6nen Bildband einer breiten Leserschaft zug\u00e4nglich gemacht werden &#8211; denn seit langem hat sich das Buch als ein hervorragendes Medium bew\u00e4hrt, wenn es um die Ver\u00f6ffentlichung von Wissen geht.\u00a0\u2192<a href=\"https:\/\/www.startnext.de\/100dinge\"> weitere Informationen<\/a><\/p>\n<p><iframe loading=\"lazy\" src=\"\/\/player.vimeo.com\/video\/112803116\" width=\"800\" height=\"450\" frameborder=\"0\" allowfullscreen=\"allowfullscreen\"><\/iframe><\/p>\n<p><b>Das IFZ in New York, <\/b><em>11.09.2014<\/em><\/p>\n<p>Nach der Wissenschaft ist vor der Wissenschaft. F\u00fcr das n\u00e4chste vision\u00e4re Fotobuch reiste das IFZ im September 2014 f\u00fcr einen Monat lang nach und durch Amerika und kommt mit ersch\u00fctternden Details zur\u00fcck nach Hause. Was hier noch ausschaut wie der wahrhaftige Traum Theodor W. Adornos, ist in Wirklichkeit ein Sonnett an die Freiheit.<\/p>\n<p><a href=\"http:\/\/www.ifz-international.de\/wp-content\/uploads\/2013\/02\/mischalorenz_hankook_01-3.jpg\"><img decoding=\"async\" class=\"alignnone size-full wp-image-443\" src=\"http:\/\/www.ifz-international.de\/wp-content\/uploads\/2013\/02\/mischalorenz_hankook_01-3.jpg\" alt=\"mischalorenz_nyt\" width=\"800\" srcset=\"https:\/\/www.ifz-international.de\/wp-content\/uploads\/2013\/02\/mischalorenz_hankook_01-3.jpg 1600w, https:\/\/www.ifz-international.de\/wp-content\/uploads\/2013\/02\/mischalorenz_hankook_01-3-300x200.jpg 300w, https:\/\/www.ifz-international.de\/wp-content\/uploads\/2013\/02\/mischalorenz_hankook_01-3-1024x682.jpg 1024w\" sizes=\"(max-width: 1600px) 100vw, 1600px\" \/><\/a><\/p>\n<p><strong>Jahrhundertschau des Wissens, <\/strong><em>01.09.2013<\/em><strong><br \/>\n<\/strong><\/p>\n<p style=\"text-align: left;\">Anl\u00e4sslich des 45. Jahrestags der Er\u00f6ffnung der <em>D\u00fcsseldorfer Konferenzen<\/em> (31. August 1968) lud das Institut f\u00fcr Zeitgenossenschaft IFZ am 31. August 2013\u00a0feierlich zur gro\u00dfen <em>Jahrhundertschau des Wissens<\/em>\u00a0in das Atelier Horst Wackerbarth in D\u00fcsseldorf ein. Zu Ehren des gro\u00dfen Vordenkers und Vision\u00e4rs Max Schemmler zeigte das IFZ die zeitgenossenschaftliche Ausstellung <em>D\u00fcsseldorf Denken &#8211; Die 100 Wichtigsten Dinge<\/em>. \u2192\u00a0<a href=\"http:\/\/www.reservat.net\/was-war\/gr%C3%B6%C3%9Fenwahn-im-reservat\/gr%C3%B6%C3%9Fenwahn-1\/\" target=\"_blank\" rel=\"noopener noreferrer\">weitere Informationen<\/a><\/p>\n<p style=\"text-align: left;\"><a href=\"http:\/\/www.ifz-international.de\/wp-content\/uploads\/2013\/02\/IMG_75071.jpg\"><img loading=\"lazy\" decoding=\"async\" class=\"alignnone size-full wp-image-452\" src=\"http:\/\/www.ifz-international.de\/wp-content\/uploads\/2013\/02\/IMG_75071.jpg\" alt=\"IMG_7507\" width=\"800\" height=\"534\" srcset=\"https:\/\/www.ifz-international.de\/wp-content\/uploads\/2013\/02\/IMG_75071.jpg 800w, https:\/\/www.ifz-international.de\/wp-content\/uploads\/2013\/02\/IMG_75071-300x200.jpg 300w\" sizes=\"(max-width: 800px) 100vw, 800px\" \/><\/a><\/p>\n<p><strong>Politik des Habitus, <\/strong><em>10.03.2013 <\/em><\/p>\n<p style=\"text-align: left;\">In einer zeitgenossenschaftlichen Versuchsanordnung erforschte das IFZ in Kooperation mit der Band\u00a0<a href=\"http:\/\/www.susanne-blech.de\/\">Susanne Blech<\/a>\u00a0im Februar 2013 die ubiquit\u00e4ren habituellen Auswirkungen der Politik der Perestroika. Das Ergebnis ist ein farbenpr\u00e4chtiges Pastiche zu einem Song namens &#8218;Helmut Kohl&#8216;. \u2192\u00a0<a href=\"http:\/\/www.youtube.com\/watch?v=lu2_UBrfuDQ\">weitere Informationen<\/a><\/p>\n<p style=\"text-align: left;\"><a href=\"http:\/\/www.ifz-international.de\/wp-content\/uploads\/2013\/02\/Dagny.jpg\"><img loading=\"lazy\" decoding=\"async\" class=\"alignnone size-full wp-image-457\" src=\"http:\/\/www.ifz-international.de\/wp-content\/uploads\/2013\/02\/Dagny.jpg\" alt=\"Dagny\" width=\"800\" height=\"450\" srcset=\"https:\/\/www.ifz-international.de\/wp-content\/uploads\/2013\/02\/Dagny.jpg 800w, https:\/\/www.ifz-international.de\/wp-content\/uploads\/2013\/02\/Dagny-300x168.jpg 300w\" sizes=\"(max-width: 800px) 100vw, 800px\" \/><\/a><\/p>\n<p style=\"text-align: left;\"><strong>IFZ im TV, <\/strong><em>01.01.2013<\/em><strong><br \/>\n<\/strong><\/p>\n<p style=\"text-align: left;\">Derzeit konzipiert das IFZ in federf\u00fchrender Autorschaft einen Fernsehfilm f\u00fcr die <a href=\"http:\/\/www.pro-gmbh.tv\/\" target=\"_blank\" rel=\"noopener noreferrer\">Pro TV Produktion GmbH K\u00f6ln<\/a>.<\/p>\n<p style=\"text-align: left;\"><strong>Die 100 Wichtigsten Dinge,<\/strong> <em>20.12.2012<\/em><\/p>\n<p style=\"text-align: left;\">Zum ersten Mal in der Geschichte des Instituts f\u00fcr Zeitgenossenschaft pr\u00e4sentierte das IFZ einen ersten Teil seiner Forschung einem interessierten D\u00fcsseldorfer Publikum. Im ber\u00fchmten Museum Kunstpalast errichteten die Mitglieder des Instituts am 15. Dezember 2013 eine zeitgenossenschaftliche Installation, die von Vortr\u00e4gen, Original-Exponaten und medialer Pr\u00e4senz begleitet wurde. Ein gro\u00dfer Erfolg zwischen konkreter Materialit\u00e4t und immaterieller Abstraktion, die nicht nur staunende Gesichter zur Folge hatte. \u2192\u00a0<a title=\"Die 100 Wichtigsten Dinge \/ Ausstellung\" href=\"http:\/\/www.ifz-international.de\/?page_id=158\">weitere Informationen<\/a><\/p>\n<p style=\"text-align: left;\"><a href=\"http:\/\/www.ifz-international.de\/wp-content\/uploads\/2013\/02\/IMG_9894.jpg\"><img loading=\"lazy\" decoding=\"async\" class=\"alignnone size-full wp-image-461\" src=\"http:\/\/www.ifz-international.de\/wp-content\/uploads\/2013\/02\/IMG_9894.jpg\" alt=\"IMG_9894\" width=\"800\" height=\"533\" srcset=\"https:\/\/www.ifz-international.de\/wp-content\/uploads\/2013\/02\/IMG_9894.jpg 800w, https:\/\/www.ifz-international.de\/wp-content\/uploads\/2013\/02\/IMG_9894-300x199.jpg 300w\" sizes=\"(max-width: 800px) 100vw, 800px\" \/><\/a><\/p>\n","protected":false},"excerpt":{"rendered":"<p>02.06.2020 | Cinique &#8211; Ein Filmkritik-Format, das nie in Serie ging Selbst f\u00fcr die treuesten Wegbegleiter des IFZ mag es \u00fcberraschend sein zu h\u00f6ren, dass das Institut vor nicht gerade wenigen Jahren, genauer gesagt ab April 2015, auf dem H\u00f6hepunkt seiner transmedialen Forschungsarbeit, in Kooperation mit verschiedenen Akteuren der Medienwelt an unterschiedlichsten Film- und Fernsehformaten [&hellip;]<\/p>\n","protected":false},"author":1,"featured_media":0,"parent":0,"menu_order":0,"comment_status":"closed","ping_status":"closed","template":"","meta":{"footnotes":""},"class_list":["post-132","page","type-page","status-publish","hentry"],"_links":{"self":[{"href":"https:\/\/www.ifz-international.de\/index.php?rest_route=\/wp\/v2\/pages\/132"}],"collection":[{"href":"https:\/\/www.ifz-international.de\/index.php?rest_route=\/wp\/v2\/pages"}],"about":[{"href":"https:\/\/www.ifz-international.de\/index.php?rest_route=\/wp\/v2\/types\/page"}],"author":[{"embeddable":true,"href":"https:\/\/www.ifz-international.de\/index.php?rest_route=\/wp\/v2\/users\/1"}],"replies":[{"embeddable":true,"href":"https:\/\/www.ifz-international.de\/index.php?rest_route=%2Fwp%2Fv2%2Fcomments&post=132"}],"version-history":[{"count":142,"href":"https:\/\/www.ifz-international.de\/index.php?rest_route=\/wp\/v2\/pages\/132\/revisions"}],"predecessor-version":[{"id":1097,"href":"https:\/\/www.ifz-international.de\/index.php?rest_route=\/wp\/v2\/pages\/132\/revisions\/1097"}],"wp:attachment":[{"href":"https:\/\/www.ifz-international.de\/index.php?rest_route=%2Fwp%2Fv2%2Fmedia&parent=132"}],"curies":[{"name":"wp","href":"https:\/\/api.w.org\/{rel}","templated":true}]}}